{"id":6202,"date":"2024-04-15T18:46:21","date_gmt":"2024-04-15T18:46:21","guid":{"rendered":"https:\/\/fpisaofrancisco.inf.br\/?page_id=6202"},"modified":"2024-11-25T13:49:04","modified_gmt":"2024-11-25T13:49:04","slug":"noticias-se","status":"publish","type":"page","link":"https:\/\/fpisaofrancisco.inf.br\/index.php\/noticias-se\/","title":{"rendered":"Not\u00edcias SE"},"content":{"rendered":"\t\t<div data-elementor-type=\"wp-page\" data-elementor-id=\"6202\" class=\"elementor elementor-6202\" data-elementor-post-type=\"page\">\n\t\t\t\t<div class=\"elementor-element elementor-element-c531016 e-flex e-con-boxed e-con e-parent\" data-id=\"c531016\" data-element_type=\"container\" data-e-type=\"container\" data-settings=\"{&quot;background_background&quot;:&quot;classic&quot;}\">\n\t\t\t\t\t<div class=\"e-con-inner\">\n\t\t<div class=\"elementor-element elementor-element-cb6102e e-con-full e-flex e-con e-child\" data-id=\"cb6102e\" data-element_type=\"container\" data-e-type=\"container\">\n\t\t\t\t<div class=\"elementor-element elementor-element-29b0804 elementor-widget elementor-widget-heading\" data-id=\"29b0804\" data-element_type=\"widget\" data-e-type=\"widget\" data-widget_type=\"heading.default\">\n\t\t\t\t<div class=\"elementor-widget-container\">\n\t\t\t\t\t<h2 class=\"elementor-heading-title elementor-size-default\">FPI POR ESTADO | <B>SERGIPE<\/b>\n<\/h2>\t\t\t\t<\/div>\n\t\t\t\t<\/div>\n\t\t\t\t<\/div>\n\t\t\t\t\t<\/div>\n\t\t\t\t<\/div>\n\t\t<div class=\"elementor-element elementor-element-d026e81 e-flex e-con-boxed e-con e-parent\" data-id=\"d026e81\" data-element_type=\"container\" data-e-type=\"container\" data-settings=\"{&quot;background_background&quot;:&quot;classic&quot;}\">\n\t\t\t\t\t<div class=\"e-con-inner\">\n\t\t<div class=\"elementor-element elementor-element-afaa7b1 e-con-full e-flex e-con e-child\" data-id=\"afaa7b1\" data-element_type=\"container\" data-e-type=\"container\">\n\t\t\t\t<div class=\"elementor-element elementor-element-40d01c7 elementor-widget elementor-widget-image\" data-id=\"40d01c7\" data-element_type=\"widget\" data-e-type=\"widget\" data-widget_type=\"image.default\">\n\t\t\t\t<div class=\"elementor-widget-container\">\n\t\t\t\t\t\t\t\t\t\t\t\t\t\t\t<img decoding=\"async\" width=\"205\" height=\"185\" src=\"https:\/\/fpisaofrancisco.inf.br\/wp-content\/uploads\/2024\/04\/Design_sem_nome__5_-removebg-preview.png\" class=\"attachment-full size-full wp-image-6033\" alt=\"\" \/>\t\t\t\t\t\t\t\t\t\t\t\t\t\t\t<\/div>\n\t\t\t\t<\/div>\n\t\t\t\t<\/div>\n\t\t<div class=\"elementor-element elementor-element-15b669f e-con-full e-flex e-con e-child\" data-id=\"15b669f\" data-element_type=\"container\" data-e-type=\"container\">\n\t\t\t\t<div class=\"elementor-element elementor-element-2d5ed4f elementor-widget elementor-widget-heading\" data-id=\"2d5ed4f\" data-element_type=\"widget\" data-e-type=\"widget\" data-widget_type=\"heading.default\">\n\t\t\t\t<div class=\"elementor-widget-container\">\n\t\t\t\t\t<h2 class=\"elementor-heading-title elementor-size-default\">Not\u00edcias<\/h2>\t\t\t\t<\/div>\n\t\t\t\t<\/div>\n\t\t\t\t<\/div>\n\t\t\t\t\t<\/div>\n\t\t\t\t<\/div>\n\t\t<div class=\"elementor-element elementor-element-ddefc8c e-flex e-con-boxed e-con e-parent\" data-id=\"ddefc8c\" data-element_type=\"container\" data-e-type=\"container\">\n\t\t\t\t\t<div class=\"e-con-inner\">\n\t\t\t\t<div class=\"elementor-element elementor-element-8fa14a2 elementor-widget elementor-widget-spacer\" data-id=\"8fa14a2\" data-element_type=\"widget\" data-e-type=\"widget\" data-widget_type=\"spacer.default\">\n\t\t\t\t<div class=\"elementor-widget-container\">\n\t\t\t\t\t\t\t<div class=\"elementor-spacer\">\n\t\t\t<div class=\"elementor-spacer-inner\"><\/div>\n\t\t<\/div>\n\t\t\t\t\t\t<\/div>\n\t\t\t\t<\/div>\n\t\t\t\t<div class=\"elementor-element elementor-element-873f25a elementor-grid-3 elementor-grid-tablet-2 elementor-grid-mobile-1 elementor-posts--thumbnail-top elementor-widget elementor-widget-posts\" data-id=\"873f25a\" data-element_type=\"widget\" data-e-type=\"widget\" data-settings=\"{&quot;pagination_type&quot;:&quot;numbers&quot;,&quot;classic_columns&quot;:&quot;3&quot;,&quot;classic_columns_tablet&quot;:&quot;2&quot;,&quot;classic_columns_mobile&quot;:&quot;1&quot;,&quot;classic_row_gap&quot;:{&quot;unit&quot;:&quot;px&quot;,&quot;size&quot;:35,&quot;sizes&quot;:[]},&quot;classic_row_gap_tablet&quot;:{&quot;unit&quot;:&quot;px&quot;,&quot;size&quot;:&quot;&quot;,&quot;sizes&quot;:[]},&quot;classic_row_gap_mobile&quot;:{&quot;unit&quot;:&quot;px&quot;,&quot;size&quot;:&quot;&quot;,&quot;sizes&quot;:[]}}\" data-widget_type=\"posts.classic\">\n\t\t\t\t<div class=\"elementor-widget-container\">\n\t\t\t\t\t\t\t<div class=\"elementor-posts-container elementor-posts elementor-posts--skin-classic elementor-grid\" role=\"list\">\n\t\t\t\t<article class=\"elementor-post elementor-grid-item post-8903 post type-post status-publish format-standard has-post-thumbnail hentry category-blog category-noticias-bahia category-noticias-minas category-noticias-pernambuco category-noticias-sergipe category-1 category-71 category-73 category-74 category-75 description-off\" role=\"listitem\">\n\t\t\t\t<a class=\"elementor-post__thumbnail__link\" href=\"https:\/\/fpisaofrancisco.inf.br\/index.php\/2025\/09\/01\/procuradora-regional-da-republica-passa-a-integrar-a-coordenacao-geral-da-fpi\/\" tabindex=\"-1\" >\n\t\t\t<div class=\"elementor-post__thumbnail\"><img fetchpriority=\"high\" decoding=\"async\" width=\"400\" height=\"267\" src=\"https:\/\/fpisaofrancisco.inf.br\/wp-content\/uploads\/2025\/09\/LIVIA2.jpg\" class=\"attachment-full size-full wp-image-8908\" alt=\"\" srcset=\"https:\/\/fpisaofrancisco.inf.br\/wp-content\/uploads\/2025\/09\/LIVIA2.jpg 400w, https:\/\/fpisaofrancisco.inf.br\/wp-content\/uploads\/2025\/09\/LIVIA2-300x200.jpg 300w\" sizes=\"(max-width: 400px) 100vw, 400px\" \/><\/div>\n\t\t<\/a>\n\t\t\t\t<div class=\"elementor-post__text\">\n\t\t\t\t<h3 class=\"elementor-post__title\">\n\t\t\t<a href=\"https:\/\/fpisaofrancisco.inf.br\/index.php\/2025\/09\/01\/procuradora-regional-da-republica-passa-a-integrar-a-coordenacao-geral-da-fpi\/\" >\n\t\t\t\tProcuradora Regional da Rep\u00fablica passa a integrar a Coordena\u00e7\u00e3o-Geral da FPI\t\t\t<\/a>\n\t\t<\/h3>\n\t\t\t\t<div class=\"elementor-post__meta-data\">\n\t\t\t\t\t<span class=\"elementor-post-date\">\n\t\t\tsetembro 1, 2025\t\t<\/span>\n\t\t\t\t<\/div>\n\t\t\t\t<div class=\"elementor-post__excerpt\">\n\t\t\t<p>A indica\u00e7\u00e3o harmoniza-se com o envolvimento da Procuradora na defesa dos biomas brasileiros e dos patrim\u00f4nios culturais. L\u00edvia Nascimento Tin\u00f4co, Procuradora Regional da Rep\u00fablica, \u00e9<\/p>\n\t\t<\/div>\n\t\t\n\t\t<a class=\"elementor-post__read-more\" href=\"https:\/\/fpisaofrancisco.inf.br\/index.php\/2025\/09\/01\/procuradora-regional-da-republica-passa-a-integrar-a-coordenacao-geral-da-fpi\/\" aria-label=\"Leia mais sobre Procuradora Regional da Rep\u00fablica passa a integrar a Coordena\u00e7\u00e3o-Geral da FPI\" tabindex=\"-1\" >\n\t\t\tLeia mais \u00bb\t\t<\/a>\n\n\t\t\t\t<\/div>\n\t\t\t\t<\/article>\n\t\t\t\t<article class=\"elementor-post elementor-grid-item post-8560 post type-post status-publish format-standard has-post-thumbnail hentry category-blog category-noticias category-noticias-bahia category-noticias-minas category-noticias-pernambuco category-noticias-sergipe category-1 category-215 category-71 category-73 category-74 category-75 description-off\" role=\"listitem\">\n\t\t\t\t<a class=\"elementor-post__thumbnail__link\" href=\"https:\/\/fpisaofrancisco.inf.br\/index.php\/2025\/08\/22\/em-simposio-brasil-china-sobre-a-crise-climatica-fpi-e-case-brasileiro-de-sucesso\/\" tabindex=\"-1\" >\n\t\t\t<div class=\"elementor-post__thumbnail\"><img decoding=\"async\" width=\"1920\" height=\"1080\" src=\"https:\/\/fpisaofrancisco.inf.br\/wp-content\/uploads\/2025\/08\/PROGRAMA-FISCALIZACAO-PREVENTIVA-INTEGRADA.png\" class=\"attachment-full size-full wp-image-8690\" alt=\"\" srcset=\"https:\/\/fpisaofrancisco.inf.br\/wp-content\/uploads\/2025\/08\/PROGRAMA-FISCALIZACAO-PREVENTIVA-INTEGRADA.png 1920w, https:\/\/fpisaofrancisco.inf.br\/wp-content\/uploads\/2025\/08\/PROGRAMA-FISCALIZACAO-PREVENTIVA-INTEGRADA-300x169.png 300w, https:\/\/fpisaofrancisco.inf.br\/wp-content\/uploads\/2025\/08\/PROGRAMA-FISCALIZACAO-PREVENTIVA-INTEGRADA-1024x576.png 1024w, https:\/\/fpisaofrancisco.inf.br\/wp-content\/uploads\/2025\/08\/PROGRAMA-FISCALIZACAO-PREVENTIVA-INTEGRADA-768x432.png 768w, https:\/\/fpisaofrancisco.inf.br\/wp-content\/uploads\/2025\/08\/PROGRAMA-FISCALIZACAO-PREVENTIVA-INTEGRADA-1536x864.png 1536w\" sizes=\"(max-width: 1920px) 100vw, 1920px\" \/><\/div>\n\t\t<\/a>\n\t\t\t\t<div class=\"elementor-post__text\">\n\t\t\t\t<h3 class=\"elementor-post__title\">\n\t\t\t<a href=\"https:\/\/fpisaofrancisco.inf.br\/index.php\/2025\/08\/22\/em-simposio-brasil-china-sobre-a-crise-climatica-fpi-e-case-brasileiro-de-sucesso\/\" >\n\t\t\t\tEm simp\u00f3sio Brasil-China sobre a crise clim\u00e1tica, FPI \u00e9 case brasileiro de sucesso\t\t\t<\/a>\n\t\t<\/h3>\n\t\t\t\t<div class=\"elementor-post__meta-data\">\n\t\t\t\t\t<span class=\"elementor-post-date\">\n\t\t\tagosto 22, 2025\t\t<\/span>\n\t\t\t\t<\/div>\n\t\t\t\t<div class=\"elementor-post__excerpt\">\n\t\t\t<p>Com a participa\u00e7\u00e3o virtual de 300 pessoas, entre promotores de justi\u00e7a, procuradores, juristas, servidores representantes dos dois pa\u00edses, o evento &#8211; uma programa\u00e7\u00e3o preparat\u00f3ria do<\/p>\n\t\t<\/div>\n\t\t\n\t\t<a class=\"elementor-post__read-more\" href=\"https:\/\/fpisaofrancisco.inf.br\/index.php\/2025\/08\/22\/em-simposio-brasil-china-sobre-a-crise-climatica-fpi-e-case-brasileiro-de-sucesso\/\" aria-label=\"Leia mais sobre Em simp\u00f3sio Brasil-China sobre a crise clim\u00e1tica, FPI \u00e9 case brasileiro de sucesso\" tabindex=\"-1\" >\n\t\t\tLeia mais \u00bb\t\t<\/a>\n\n\t\t\t\t<\/div>\n\t\t\t\t<\/article>\n\t\t\t\t<article class=\"elementor-post elementor-grid-item post-8457 post type-post status-publish format-standard has-post-thumbnail hentry category-blog category-noticias category-noticias-alagoas category-noticias-bahia category-noticias-minas category-noticias-pernambuco category-noticias-sergipe category-1 category-215 category-72 category-71 category-73 category-74 category-75 description-off\" role=\"listitem\">\n\t\t\t\t<a class=\"elementor-post__thumbnail__link\" href=\"https:\/\/fpisaofrancisco.inf.br\/index.php\/2025\/08\/19\/fpi-e-destaque-em-evento-preparatorio-da-cop-30\/\" tabindex=\"-1\" >\n\t\t\t<div class=\"elementor-post__thumbnail\"><img loading=\"lazy\" decoding=\"async\" width=\"1280\" height=\"734\" src=\"https:\/\/fpisaofrancisco.inf.br\/wp-content\/uploads\/2025\/08\/Imagem-do-WhatsApp-de-2025-08-16-as-08.27.01_1ae14c7a-e1755606938829.jpg\" class=\"attachment-full size-full wp-image-8461\" alt=\"\" srcset=\"https:\/\/fpisaofrancisco.inf.br\/wp-content\/uploads\/2025\/08\/Imagem-do-WhatsApp-de-2025-08-16-as-08.27.01_1ae14c7a-e1755606938829.jpg 1280w, https:\/\/fpisaofrancisco.inf.br\/wp-content\/uploads\/2025\/08\/Imagem-do-WhatsApp-de-2025-08-16-as-08.27.01_1ae14c7a-e1755606938829-300x172.jpg 300w, https:\/\/fpisaofrancisco.inf.br\/wp-content\/uploads\/2025\/08\/Imagem-do-WhatsApp-de-2025-08-16-as-08.27.01_1ae14c7a-e1755606938829-1024x587.jpg 1024w, https:\/\/fpisaofrancisco.inf.br\/wp-content\/uploads\/2025\/08\/Imagem-do-WhatsApp-de-2025-08-16-as-08.27.01_1ae14c7a-e1755606938829-768x440.jpg 768w\" sizes=\"(max-width: 1280px) 100vw, 1280px\" \/><\/div>\n\t\t<\/a>\n\t\t\t\t<div class=\"elementor-post__text\">\n\t\t\t\t<h3 class=\"elementor-post__title\">\n\t\t\t<a href=\"https:\/\/fpisaofrancisco.inf.br\/index.php\/2025\/08\/19\/fpi-e-destaque-em-evento-preparatorio-da-cop-30\/\" >\n\t\t\t\tFiscaliza\u00e7\u00e3o Preventiva Integrada \u00e9 destaque em evento preparat\u00f3rio da COP30\t\t\t<\/a>\n\t\t<\/h3>\n\t\t\t\t<div class=\"elementor-post__meta-data\">\n\t\t\t\t\t<span class=\"elementor-post-date\">\n\t\t\tagosto 19, 2025\t\t<\/span>\n\t\t\t\t<\/div>\n\t\t\t\t<div class=\"elementor-post__excerpt\">\n\t\t\t<p>Realizado em Macap\u00e1-AP, atrav\u00e9s da Associa\u00e7\u00e3o Brasileira dos Membros do Minist\u00e9rio P\u00fablico de Meio Ambiente (ABRAMPA) e do Conselho Nacional do Minist\u00e9rio P\u00fablico (CNMP), o<\/p>\n\t\t<\/div>\n\t\t\n\t\t<a class=\"elementor-post__read-more\" href=\"https:\/\/fpisaofrancisco.inf.br\/index.php\/2025\/08\/19\/fpi-e-destaque-em-evento-preparatorio-da-cop-30\/\" aria-label=\"Leia mais sobre Fiscaliza\u00e7\u00e3o Preventiva Integrada \u00e9 destaque em evento preparat\u00f3rio da COP30\" tabindex=\"-1\" >\n\t\t\tLeia mais \u00bb\t\t<\/a>\n\n\t\t\t\t<\/div>\n\t\t\t\t<\/article>\n\t\t\t\t<article class=\"elementor-post elementor-grid-item post-8174 post type-post status-publish format-standard has-post-thumbnail hentry category-8a-etapa-fpi-se category-fauna category-noticias-sergipe tag-fauna tag-meio-ambiente tag-rio-sao-francisco tag-velho-chico category-241 category-252 category-75 description-off\" role=\"listitem\">\n\t\t\t\t<a class=\"elementor-post__thumbnail__link\" href=\"https:\/\/fpisaofrancisco.inf.br\/index.php\/2025\/04\/25\/8a-fpi-se-educacao-ambiental-da-equipe-fauna-alcanca-13-comunidades-escolares-em-municipios-sergipanos\/\" tabindex=\"-1\" >\n\t\t\t<div class=\"elementor-post__thumbnail\"><img loading=\"lazy\" decoding=\"async\" width=\"1280\" height=\"720\" src=\"https:\/\/fpisaofrancisco.inf.br\/wp-content\/uploads\/2025\/04\/01-EA-FAUNA.jpeg\" class=\"attachment-full size-full wp-image-8177\" alt=\"\" srcset=\"https:\/\/fpisaofrancisco.inf.br\/wp-content\/uploads\/2025\/04\/01-EA-FAUNA.jpeg 1280w, https:\/\/fpisaofrancisco.inf.br\/wp-content\/uploads\/2025\/04\/01-EA-FAUNA-300x169.jpeg 300w, https:\/\/fpisaofrancisco.inf.br\/wp-content\/uploads\/2025\/04\/01-EA-FAUNA-1024x576.jpeg 1024w, https:\/\/fpisaofrancisco.inf.br\/wp-content\/uploads\/2025\/04\/01-EA-FAUNA-768x432.jpeg 768w\" sizes=\"(max-width: 1280px) 100vw, 1280px\" \/><\/div>\n\t\t<\/a>\n\t\t\t\t<div class=\"elementor-post__text\">\n\t\t\t\t<h3 class=\"elementor-post__title\">\n\t\t\t<a href=\"https:\/\/fpisaofrancisco.inf.br\/index.php\/2025\/04\/25\/8a-fpi-se-educacao-ambiental-da-equipe-fauna-alcanca-13-comunidades-escolares-em-municipios-sergipanos\/\" >\n\t\t\t\t8\u00aa FPI\/SE: Educa\u00e7\u00e3o Ambiental da equipe Fauna alcan\u00e7a 13 comunidades escolares em munic\u00edpios sergipanos\t\t\t<\/a>\n\t\t<\/h3>\n\t\t\t\t<div class=\"elementor-post__meta-data\">\n\t\t\t\t\t<span class=\"elementor-post-date\">\n\t\t\tabril 25, 2025\t\t<\/span>\n\t\t\t\t<\/div>\n\t\t\t\t<div class=\"elementor-post__excerpt\">\n\t\t\t<p>A\u00e7\u00f5es promovem conscientiza\u00e7\u00e3o sobre a fauna silvestre e o meio ambiente, envolvendo mais de 4 mil estudantes em atividades educativas e palestras<\/p>\n\t\t<\/div>\n\t\t\n\t\t<a class=\"elementor-post__read-more\" href=\"https:\/\/fpisaofrancisco.inf.br\/index.php\/2025\/04\/25\/8a-fpi-se-educacao-ambiental-da-equipe-fauna-alcanca-13-comunidades-escolares-em-municipios-sergipanos\/\" aria-label=\"Leia mais sobre 8\u00aa FPI\/SE: Educa\u00e7\u00e3o Ambiental da equipe Fauna alcan\u00e7a 13 comunidades escolares em munic\u00edpios sergipanos\" tabindex=\"-1\" >\n\t\t\tLeia mais \u00bb\t\t<\/a>\n\n\t\t\t\t<\/div>\n\t\t\t\t<\/article>\n\t\t\t\t<article class=\"elementor-post elementor-grid-item post-8165 post type-post status-publish format-standard has-post-thumbnail hentry category-8a-etapa-fpi-se category-comunidades-tradicionais category-noticias-sergipe tag-8fpise tag-fpi tag-fpise tag-indigenas tag-meio-ambiente tag-velho-chico tag-xoko category-241 category-258 category-75 description-off\" role=\"listitem\">\n\t\t\t\t<a class=\"elementor-post__thumbnail__link\" href=\"https:\/\/fpisaofrancisco.inf.br\/index.php\/2025\/04\/19\/fpi-se-media-acordo-que-garante-reabertura-do-cras-indigena-xoko-em-porto-da-folha\/\" tabindex=\"-1\" >\n\t\t\t<div class=\"elementor-post__thumbnail\"><img loading=\"lazy\" decoding=\"async\" width=\"1280\" height=\"960\" src=\"https:\/\/fpisaofrancisco.inf.br\/wp-content\/uploads\/2025\/04\/WhatsApp-Image-2025-04-13-at-21.10.23.jpeg\" class=\"attachment-full size-full wp-image-8166\" alt=\"\" srcset=\"https:\/\/fpisaofrancisco.inf.br\/wp-content\/uploads\/2025\/04\/WhatsApp-Image-2025-04-13-at-21.10.23.jpeg 1280w, https:\/\/fpisaofrancisco.inf.br\/wp-content\/uploads\/2025\/04\/WhatsApp-Image-2025-04-13-at-21.10.23-300x225.jpeg 300w, https:\/\/fpisaofrancisco.inf.br\/wp-content\/uploads\/2025\/04\/WhatsApp-Image-2025-04-13-at-21.10.23-1024x768.jpeg 1024w, https:\/\/fpisaofrancisco.inf.br\/wp-content\/uploads\/2025\/04\/WhatsApp-Image-2025-04-13-at-21.10.23-768x576.jpeg 768w\" sizes=\"(max-width: 1280px) 100vw, 1280px\" \/><\/div>\n\t\t<\/a>\n\t\t\t\t<div class=\"elementor-post__text\">\n\t\t\t\t<h3 class=\"elementor-post__title\">\n\t\t\t<a href=\"https:\/\/fpisaofrancisco.inf.br\/index.php\/2025\/04\/19\/fpi-se-media-acordo-que-garante-reabertura-do-cras-indigena-xoko-em-porto-da-folha\/\" >\n\t\t\t\tFPI\/SE media acordo que garante reabertura do CRAS Ind\u00edgena Xok\u00f3, em Porto da Folha\t\t\t<\/a>\n\t\t<\/h3>\n\t\t\t\t<div class=\"elementor-post__meta-data\">\n\t\t\t\t\t<span class=\"elementor-post-date\">\n\t\t\tabril 19, 2025\t\t<\/span>\n\t\t\t\t<\/div>\n\t\t\t\t<div class=\"elementor-post__excerpt\">\n\t\t\t<p>Acordo foi encaminhado pelo MPF, com apoio do MPSE e MPC, durante 8\u00aa etapa da Fiscaliza\u00e7\u00e3o Preventiva Integrada; a assinatura do acordo garante retomada de servi\u00e7os p\u00fablicos essenciais \u00e0 comunidade<\/p>\n\t\t<\/div>\n\t\t\n\t\t<a class=\"elementor-post__read-more\" href=\"https:\/\/fpisaofrancisco.inf.br\/index.php\/2025\/04\/19\/fpi-se-media-acordo-que-garante-reabertura-do-cras-indigena-xoko-em-porto-da-folha\/\" aria-label=\"Leia mais sobre FPI\/SE media acordo que garante reabertura do CRAS Ind\u00edgena Xok\u00f3, em Porto da Folha\" tabindex=\"-1\" >\n\t\t\tLeia mais \u00bb\t\t<\/a>\n\n\t\t\t\t<\/div>\n\t\t\t\t<\/article>\n\t\t\t\t<article class=\"elementor-post elementor-grid-item post-8152 post type-post status-publish format-standard has-post-thumbnail hentry category-blog category-noticias-alagoas category-noticias-bahia category-noticias-minas category-noticias-pernambuco category-noticias-sergipe category-1 category-72 category-71 category-73 category-74 category-75 description-off\" role=\"listitem\">\n\t\t\t\t<a class=\"elementor-post__thumbnail__link\" href=\"https:\/\/fpisaofrancisco.inf.br\/index.php\/2025\/04\/15\/nota-de-pesar\/\" tabindex=\"-1\" >\n\t\t\t<div class=\"elementor-post__thumbnail\"><img loading=\"lazy\" decoding=\"async\" width=\"540\" height=\"304\" src=\"https:\/\/fpisaofrancisco.inf.br\/wp-content\/uploads\/2025\/04\/fotook-procuradora.avif\" class=\"attachment-full size-full wp-image-8162\" alt=\"\" srcset=\"https:\/\/fpisaofrancisco.inf.br\/wp-content\/uploads\/2025\/04\/fotook-procuradora.avif 540w, https:\/\/fpisaofrancisco.inf.br\/wp-content\/uploads\/2025\/04\/fotook-procuradora-300x169.avif 300w\" sizes=\"(max-width: 540px) 100vw, 540px\" \/><\/div>\n\t\t<\/a>\n\t\t\t\t<div class=\"elementor-post__text\">\n\t\t\t\t<h3 class=\"elementor-post__title\">\n\t\t\t<a href=\"https:\/\/fpisaofrancisco.inf.br\/index.php\/2025\/04\/15\/nota-de-pesar\/\" >\n\t\t\t\tNota de Pesar\t\t\t<\/a>\n\t\t<\/h3>\n\t\t\t\t<div class=\"elementor-post__meta-data\">\n\t\t\t\t\t<span class=\"elementor-post-date\">\n\t\t\tabril 15, 2025\t\t<\/span>\n\t\t\t\t<\/div>\n\t\t\t\t<div class=\"elementor-post__excerpt\">\n\t\t\t<p>Nossa fam\u00edlia FPI est\u00e1 de luto. A perda de uma companheira efipiana consterna cada membro de nossa familia, que deseja acolhimento e for\u00e7a aos entes<\/p>\n\t\t<\/div>\n\t\t\n\t\t<a class=\"elementor-post__read-more\" href=\"https:\/\/fpisaofrancisco.inf.br\/index.php\/2025\/04\/15\/nota-de-pesar\/\" aria-label=\"Leia mais sobre Nota de Pesar\" tabindex=\"-1\" >\n\t\t\tLeia mais \u00bb\t\t<\/a>\n\n\t\t\t\t<\/div>\n\t\t\t\t<\/article>\n\t\t\t\t<\/div>\n\t\t\n\t\t\t\t<div class=\"e-load-more-anchor\" data-page=\"1\" data-max-page=\"4\" data-next-page=\"https:\/\/fpisaofrancisco.inf.br\/index.php\/wp-json\/wp\/v2\/pages\/6202\/page\/2\/\"><\/div>\n\t\t\t\t<nav class=\"elementor-pagination\" aria-label=\"Pagina\u00e7\u00e3o\">\n\t\t\t<span aria-current=\"page\" class=\"page-numbers current\"><span class=\"elementor-screen-only\">P\u00e1gina<\/span>1<\/span>\n<a class=\"page-numbers\" href=\"https:\/\/fpisaofrancisco.inf.br\/index.php\/wp-json\/wp\/v2\/pages\/6202\/page\/2\/\"><span class=\"elementor-screen-only\">P\u00e1gina<\/span>2<\/a>\n<a class=\"page-numbers\" href=\"https:\/\/fpisaofrancisco.inf.br\/index.php\/wp-json\/wp\/v2\/pages\/6202\/page\/3\/\"><span class=\"elementor-screen-only\">P\u00e1gina<\/span>3<\/a>\n<a class=\"page-numbers\" href=\"https:\/\/fpisaofrancisco.inf.br\/index.php\/wp-json\/wp\/v2\/pages\/6202\/page\/4\/\"><span class=\"elementor-screen-only\">P\u00e1gina<\/span>4<\/a>\t\t<\/nav>\n\t\t\t\t\t\t<\/div>\n\t\t\t\t<\/div>\n\t\t\t\t\t<\/div>\n\t\t\t\t<\/div>\n\t\t<div class=\"elementor-element elementor-element-70db8cf e-flex e-con-boxed e-con e-parent\" data-id=\"70db8cf\" data-element_type=\"container\" data-e-type=\"container\" data-settings=\"{&quot;background_background&quot;:&quot;classic&quot;}\">\n\t\t\t\t\t<div class=\"e-con-inner\">\n\t\t<div class=\"elementor-element elementor-element-706ac4f e-con-full e-flex e-con e-child\" data-id=\"706ac4f\" data-element_type=\"container\" data-e-type=\"container\">\n\t\t\t\t<div class=\"elementor-element elementor-element-3219aa6 elementor-widget elementor-widget-spacer\" data-id=\"3219aa6\" data-element_type=\"widget\" data-e-type=\"widget\" data-widget_type=\"spacer.default\">\n\t\t\t\t<div class=\"elementor-widget-container\">\n\t\t\t\t\t\t\t<div class=\"elementor-spacer\">\n\t\t\t<div class=\"elementor-spacer-inner\"><\/div>\n\t\t<\/div>\n\t\t\t\t\t\t<\/div>\n\t\t\t\t<\/div>\n\t\t\t\t<\/div>\n\t\t<a class=\"elementor-element elementor-element-ed6bcd5 e-con-full e-flex e-con e-child\" data-id=\"ed6bcd5\" data-element_type=\"container\" data-e-type=\"container\" data-settings=\"{&quot;background_background&quot;:&quot;classic&quot;}\" href=\"https:\/\/fpisaofrancisco.inf.br\/index.php\/orgaos-participantes-se\/\">\n\t\t\t\t<div class=\"elementor-element elementor-element-193bbf8 elementor-widget elementor-widget-image\" data-id=\"193bbf8\" data-element_type=\"widget\" data-e-type=\"widget\" data-widget_type=\"image.default\">\n\t\t\t\t<div class=\"elementor-widget-container\">\n\t\t\t\t\t\t\t\t\t\t\t\t\t\t\t<img loading=\"lazy\" decoding=\"async\" width=\"205\" height=\"185\" src=\"https:\/\/fpisaofrancisco.inf.br\/wp-content\/uploads\/2024\/04\/icone-orgaos-.png\" class=\"attachment-full size-full wp-image-5964\" alt=\"\" \/>\t\t\t\t\t\t\t\t\t\t\t\t\t\t\t<\/div>\n\t\t\t\t<\/div>\n\t\t\t\t<div class=\"elementor-element elementor-element-0df735f elementor-widget elementor-widget-heading\" data-id=\"0df735f\" data-element_type=\"widget\" data-e-type=\"widget\" data-widget_type=\"heading.default\">\n\t\t\t\t<div class=\"elementor-widget-container\">\n\t\t\t\t\t<h2 class=\"elementor-heading-title elementor-size-default\">\u00d3RG\u00c3OS<br>\nPARTICIPANTES<\/h2>\t\t\t\t<\/div>\n\t\t\t\t<\/div>\n\t\t\t\t<div class=\"elementor-element elementor-element-07976a2 elementor-widget elementor-widget-spacer\" data-id=\"07976a2\" data-element_type=\"widget\" data-e-type=\"widget\" data-widget_type=\"spacer.default\">\n\t\t\t\t<div class=\"elementor-widget-container\">\n\t\t\t\t\t\t\t<div class=\"elementor-spacer\">\n\t\t\t<div class=\"elementor-spacer-inner\"><\/div>\n\t\t<\/div>\n\t\t\t\t\t\t<\/div>\n\t\t\t\t<\/div>\n\t\t\t\t<\/a>\n\t\t<a class=\"elementor-element elementor-element-c5cb999 e-con-full e-flex e-con e-child\" data-id=\"c5cb999\" data-element_type=\"container\" data-e-type=\"container\" data-settings=\"{&quot;background_background&quot;:&quot;classic&quot;}\" href=\"https:\/\/fpisaofrancisco.inf.br\/index.php\/equipes-SE\/\">\n\t\t\t\t<div class=\"elementor-element elementor-element-7020216 elementor-widget elementor-widget-image\" data-id=\"7020216\" data-element_type=\"widget\" data-e-type=\"widget\" data-widget_type=\"image.default\">\n\t\t\t\t<div class=\"elementor-widget-container\">\n\t\t\t\t\t\t\t\t\t\t\t\t\t\t\t<img loading=\"lazy\" decoding=\"async\" width=\"205\" height=\"185\" src=\"https:\/\/fpisaofrancisco.inf.br\/wp-content\/uploads\/2024\/04\/Design_sem_nome__4_-removebg-preview.png\" class=\"attachment-full size-full wp-image-5971\" alt=\"\" \/>\t\t\t\t\t\t\t\t\t\t\t\t\t\t\t<\/div>\n\t\t\t\t<\/div>\n\t\t\t\t<div class=\"elementor-element elementor-element-bcd1921 elementor-widget elementor-widget-heading\" data-id=\"bcd1921\" data-element_type=\"widget\" data-e-type=\"widget\" data-widget_type=\"heading.default\">\n\t\t\t\t<div class=\"elementor-widget-container\">\n\t\t\t\t\t<h2 class=\"elementor-heading-title elementor-size-default\">EQUIPE<\/h2>\t\t\t\t<\/div>\n\t\t\t\t<\/div>\n\t\t\t\t<\/a>\n\t\t<a class=\"elementor-element elementor-element-b611acf e-con-full e-flex e-con e-child\" data-id=\"b611acf\" data-element_type=\"container\" data-e-type=\"container\" data-settings=\"{&quot;background_background&quot;:&quot;classic&quot;}\" href=\"https:\/\/fpisaofrancisco.inf.br\/index.php\/operacoes-se\/\">\n\t\t\t\t<div class=\"elementor-element elementor-element-bf672d6 elementor-widget elementor-widget-image\" data-id=\"bf672d6\" data-element_type=\"widget\" data-e-type=\"widget\" data-widget_type=\"image.default\">\n\t\t\t\t<div class=\"elementor-widget-container\">\n\t\t\t\t\t\t\t\t\t\t\t\t\t\t\t<img loading=\"lazy\" decoding=\"async\" width=\"205\" height=\"185\" src=\"https:\/\/fpisaofrancisco.inf.br\/wp-content\/uploads\/2024\/04\/Design_sem_nome__3_-removebg-preview.png\" class=\"attachment-full size-full wp-image-5970\" alt=\"\" \/>\t\t\t\t\t\t\t\t\t\t\t\t\t\t\t<\/div>\n\t\t\t\t<\/div>\n\t\t\t\t<div class=\"elementor-element elementor-element-92828d3 elementor-widget elementor-widget-heading\" data-id=\"92828d3\" data-element_type=\"widget\" data-e-type=\"widget\" data-widget_type=\"heading.default\">\n\t\t\t\t<div class=\"elementor-widget-container\">\n\t\t\t\t\t<h2 class=\"elementor-heading-title elementor-size-default\">OPERA\u00c7\u00d5ES<\/h2>\t\t\t\t<\/div>\n\t\t\t\t<\/div>\n\t\t\t\t<\/a>\n\t\t<a class=\"elementor-element elementor-element-9e019b6 e-con-full e-flex e-con e-child\" data-id=\"9e019b6\" data-element_type=\"container\" data-e-type=\"container\" data-settings=\"{&quot;background_background&quot;:&quot;classic&quot;}\" href=\"https:\/\/fpisaofrancisco.inf.br\/index.php\/resultados-se\/\">\n\t\t\t\t<div class=\"elementor-element elementor-element-8c994b0 elementor-widget elementor-widget-image\" data-id=\"8c994b0\" data-element_type=\"widget\" data-e-type=\"widget\" data-widget_type=\"image.default\">\n\t\t\t\t<div class=\"elementor-widget-container\">\n\t\t\t\t\t\t\t\t\t\t\t\t\t\t\t<img loading=\"lazy\" decoding=\"async\" width=\"205\" height=\"185\" src=\"https:\/\/fpisaofrancisco.inf.br\/wp-content\/uploads\/2024\/04\/Design_sem_nome__2_-removebg-preview.png\" class=\"attachment-full size-full wp-image-5969\" alt=\"\" \/>\t\t\t\t\t\t\t\t\t\t\t\t\t\t\t<\/div>\n\t\t\t\t<\/div>\n\t\t\t\t<div class=\"elementor-element elementor-element-5d83449 elementor-widget elementor-widget-heading\" data-id=\"5d83449\" data-element_type=\"widget\" data-e-type=\"widget\" data-widget_type=\"heading.default\">\n\t\t\t\t<div class=\"elementor-widget-container\">\n\t\t\t\t\t<h2 class=\"elementor-heading-title elementor-size-default\">RESULTADOS<\/h2>\t\t\t\t<\/div>\n\t\t\t\t<\/div>\n\t\t\t\t<\/a>\n\t\t<a class=\"elementor-element elementor-element-c084482 e-con-full e-flex e-con e-child\" data-id=\"c084482\" data-element_type=\"container\" data-e-type=\"container\" data-settings=\"{&quot;background_background&quot;:&quot;classic&quot;}\" href=\"https:\/\/fpisaofrancisco.inf.br\/index.php\/noticias-se\/\">\n\t\t\t\t<div class=\"elementor-element elementor-element-91e9fa1 elementor-widget elementor-widget-image\" data-id=\"91e9fa1\" data-element_type=\"widget\" data-e-type=\"widget\" data-widget_type=\"image.default\">\n\t\t\t\t<div class=\"elementor-widget-container\">\n\t\t\t\t\t\t\t\t\t\t\t\t\t\t\t<img decoding=\"async\" width=\"205\" height=\"185\" src=\"https:\/\/fpisaofrancisco.inf.br\/wp-content\/uploads\/2024\/04\/Design_sem_nome__5_-removebg-preview.png\" class=\"attachment-full size-full wp-image-6033\" alt=\"\" \/>\t\t\t\t\t\t\t\t\t\t\t\t\t\t\t<\/div>\n\t\t\t\t<\/div>\n\t\t\t\t<div class=\"elementor-element elementor-element-360698c elementor-widget elementor-widget-heading\" data-id=\"360698c\" data-element_type=\"widget\" data-e-type=\"widget\" data-widget_type=\"heading.default\">\n\t\t\t\t<div class=\"elementor-widget-container\">\n\t\t\t\t\t<h2 class=\"elementor-heading-title elementor-size-default\">NOT\u00cdCIAS<\/h2>\t\t\t\t<\/div>\n\t\t\t\t<\/div>\n\t\t\t\t<\/a>\n\t\t\t\t\t<\/div>\n\t\t\t\t<\/div>\n\t\t\t\t<\/div>\n\t\t","protected":false},"excerpt":{"rendered":"<p>FPI POR ESTADO | SERGIPE Not\u00edcias \u00d3RG\u00c3OS PARTICIPANTES EQUIPE OPERA\u00c7\u00d5ES RESULTADOS NOT\u00cdCIAS<\/p>\n","protected":false},"author":2,"featured_media":0,"parent":0,"menu_order":0,"comment_status":"closed","ping_status":"closed","template":"elementor_header_footer","meta":{"footnotes":""},"class_list":["post-6202","page","type-page","status-publish","hentry","category-1","category-72","category-71","category-73","category-74","category-75","description-off"],"aioseo_notices":[],"jetpack_sharing_enabled":true,"_links":{"self":[{"href":"https:\/\/fpisaofrancisco.inf.br\/index.php\/wp-json\/wp\/v2\/pages\/6202","targetHints":{"allow":["GET"]}}],"collection":[{"href":"https:\/\/fpisaofrancisco.inf.br\/index.php\/wp-json\/wp\/v2\/pages"}],"about":[{"href":"https:\/\/fpisaofrancisco.inf.br\/index.php\/wp-json\/wp\/v2\/types\/page"}],"author":[{"embeddable":true,"href":"https:\/\/fpisaofrancisco.inf.br\/index.php\/wp-json\/wp\/v2\/users\/2"}],"replies":[{"embeddable":true,"href":"https:\/\/fpisaofrancisco.inf.br\/index.php\/wp-json\/wp\/v2\/comments?post=6202"}],"version-history":[{"count":13,"href":"https:\/\/fpisaofrancisco.inf.br\/index.php\/wp-json\/wp\/v2\/pages\/6202\/revisions"}],"predecessor-version":[{"id":7750,"href":"https:\/\/fpisaofrancisco.inf.br\/index.php\/wp-json\/wp\/v2\/pages\/6202\/revisions\/7750"}],"wp:attachment":[{"href":"https:\/\/fpisaofrancisco.inf.br\/index.php\/wp-json\/wp\/v2\/media?parent=6202"}],"curies":[{"name":"wp","href":"https:\/\/api.w.org\/{rel}","templated":true}]}}